{"id":3070,"date":"2019-06-12T15:16:12","date_gmt":"2019-06-12T13:16:12","guid":{"rendered":"https:\/\/www.gemeinde-untermarchtal.de\/?page_id=3070"},"modified":"2019-06-13T07:21:36","modified_gmt":"2019-06-13T05:21:36","slug":"historischer-koeniglicher-aufenthalt-vor-100-jahren-in-untermarchtal","status":"publish","type":"page","link":"https:\/\/www.gemeinde-untermarchtal.de\/index.php\/historischer-koeniglicher-aufenthalt-vor-100-jahren-in-untermarchtal\/","title":{"rendered":"Historischer \u201eK\u00f6niglicher Aufenthalt\u201c vor 100 Jahren in Untermarchtal"},"content":{"rendered":"<p>Welch ein f\u00fcr das Dorf Untermarchtal bedeutsames Ereignis spielte sich im Jahre 1919 ab. Der I. Weltkreig \u2013damals der gro\u00dfe Krieg genannt- mit seinem f\u00fcr Deutschland sehr beklagenswerten Ende, hat auch seine Spuren in Untermarchtal hinterlassen. Die Nachwirkungen von der Abdankung des damaligen K\u00f6nig Wilhelm II von W\u00fcrttemberg \u2013Regierungszeit 1891 \u2013 1918- und damit die Aufl\u00f6sung der Monarchie im Lande sowie der Ausrufung der Republik in ganz Deutschland, hatte gro\u00dfe Auswirkungen. Die revultion\u00e4ren Kr\u00e4fte forderten den abgetretenen K\u00f6nig Wilhelm II und die k\u00f6nigliche Familie seines Rechtsnachfolgers Herzog Albrecht und dessen Familie zum Verlassen von Stuttgart auf. Der bisherige beliebte K\u00f6nig Wilhelm II zog zu seinem Besitz in Bebenhausen und Herzog Albrecht plante seinen k\u00fcnftigen Aufenthaltsort im Schloss Altshausen. Doch mehrere Ereignisse mit noch nicht gel\u00f6sten Forderungen, zwang Herzog Albrecht von W\u00fcrttemberg zu einem zeitweiligen Aufenthalt mit freundschaftlicher Aufnahme der Barmherzigen Schwestern vom Hl. Vinzenz von Paul im Kloster Untermarchtal, im Haus \u201eMaria Hilf\u201c. Der Wohnbereich war wahrscheinlich der \u201eHerrenbau\u201c und heutiger Bauteil F, mit dem Eingangsbereich der Cafeteria im Erdgeschoss und Obergeschoss.<\/p>\r\n\r\n<div id=\"attachment_3074\" style=\"width: 618px\" class=\"wp-caption alignnone\"><img loading=\"lazy\" decoding=\"async\" aria-describedby=\"caption-attachment-3074\" class=\"wp-image-3074 size-full\" src=\"https:\/\/www.gemeinde-untermarchtal.de\/bilder\/IMG_2251.jpg\" alt=\"\" width=\"608\" height=\"760\" \/><p id=\"caption-attachment-3074\" class=\"wp-caption-text\">K\u00f6nig Wilhelm II von W\u00fcrttemberg<\/p><\/div>\r\n\r\n<p>Der Aufenthalt Herzog Albrecht\u00b4s mit seiner Familie in Untermarchtal beschreibt die Klosterchronik des Mutterhaus der Vinzentinerinnen aus den Jahren 1917\/18 sowie die Hauschronik von \u201eMaria Hilf\u201c im Jahre 1919 wie folgt: Endlich, November 1918, kam der langersehnte Friede. Doch welche Entt\u00e4uschung ! Frankreich und England diktierten die harten Bedingungen. (Anmerkung): Besonders Europa ver\u00e4nderte sich politisch und deren Nachwirkungen sind bis ins 21. Jahrhundert sp\u00fcrbar. Weiter der Chroniktext: Armes geknechtetes Vaterland. Wie ein b\u00f6ses M\u00e4rchen klingts ! Der Deutsche Kaiser Wilhelm II, alle K\u00f6nige und F\u00fcrsten Deutschlands wurden zur Abdankung gezwungen. Die Familie des Herzogs Albrecht von W\u00fcrttemberg kam auf der Flucht zu uns ! und wurde in \u201eMaria Hilf\u201c einlogiert und kehrte nach Beendigung des Krieges und seine unmittelbaren Folgen auf ihr Schlo\u00df Altshausen zur\u00fcck. Unsere Schwestern kamen so nach und nach \u2013 einige auch fluchtartig vom Felde zur\u00fcck, meist in erb\u00e4rmlichem Zustand. Dann folgt die Chronikbeschreibung Ende 1918 Anfang 1919: Beim Ausbruch der Revolution, nach dem Ende des Krieges, (11. Nov. 1918) kam die Familie des Herzogs Albrecht von W\u00fcrttemberg zu Altshausen, wohnhaft auf der Flucht nach \u201eMaria Hilf\u201c. Sie blieb bis sich die Lage gekl\u00e4rt hat. (Bis Juni 1919) Endlich kam der ersehnte Friede. Doch welche Entt\u00e4uschung ! Frankreich und England diktierten die harten Bedingungen. Der Deutsche Kaiser Wilhelm II und alle K\u00f6nige in Deutschland wurden zur Abdankung gezwungen. Die Familie des Herzogs Albrecht von W\u00fcrttemberg, als \u201eK\u00f6niglichen Rechtsnachfolge von W\u00fcrttemberg\u201c, wurde in Maria Hilf einlogiert. Fluchtartig kamen unsere Schwestern vom Felde zur\u00fcck. Ein kleines Abenteuer, das unsere liebe Schwester Armata bei diesem R\u00fcckzug auf dem Berliner Bahnhof gl\u00e4nzend \u00fcberstand, soll hier Platz finden und kurz geschildert werden: Pl\u00f6tzlich st\u00fcrmten 4 Bewaffnete daher mit dem strammen Befehl an die Schwester: Entfernen sie dieses Bild von hier (eine B\u00fcste des Kaisers). Die mutige Schwester; das tue ich nicht ! Sie ziehen den Degen und wiederholen den Befehl. \u201eDas geht mich nichts an, ich bin hier fremd und tue nichts\u201c antwortete sie. Brav gemacht! So sei noch der Chronikeintrag der Pfarrei-Chronik St. Andreas Untermarchtal unter dem damaligen Pfarrer Felix Stiegele wie folgt wiedergegeben: \u201eDie k\u00f6nigliche Familie des Herzogs Albrecht von W\u00fcrttemberg nahm an der Fronleichnamsprozession in Untermarchtal teil. (Anmerkung) Welch eine Ehre zum Feiertag, der Prozession und f\u00fcr die ganze Gemeinde Untermarchtal. Pfarrer Stiegele, noch immer die Monarchie vor Augen, nannte eben aus \u00dcberzeugung die Herzogsfamilie noch immer die \u201eK\u00f6nigliche Familie\u201c.<\/p>\r\n\r\n<div id=\"attachment_3073\" style=\"width: 470px\" class=\"wp-caption alignnone\"><img loading=\"lazy\" decoding=\"async\" aria-describedby=\"caption-attachment-3073\" class=\"wp-image-3073 size-full\" src=\"https:\/\/www.gemeinde-untermarchtal.de\/bilder\/IMG_2190.jpg\" alt=\"\" width=\"460\" height=\"760\" \/><p id=\"caption-attachment-3073\" class=\"wp-caption-text\">Die Familie des Herzog Albrecht von W\u00fcrttemberg<\/p><\/div>\r\n\r\n<p>Zur Rechtsnachfolge von Herzog Albrecht muss folgendes zur Aufkl\u00e4rung gesagt werden; K\u00f6nig Wilhelm II, der letzte Spro\u00df der evangelischen Linie des K\u00f6nigshaus W\u00fcrttemberg, hatte einen Sohn Ulrich. Dieser starb im Kindesalter. Jetzt war nunmehr die katholische Linie Thronfolge berechtigt. Dies war dann Herzog Albrecht von W\u00fcrttemberg (1865 \u2013 1939). Albrechts Vater war Herzog Philipp I. von W\u00fcrttemberg und Bruder von K\u00f6nig Wilhelm II. Philipp wurde nach dem letzten Willen seiner fr\u00fch verstorbenen Mutter katholisch erzogen. Herzog Albrecht war bekannt als t\u00fcchtiger Heerf\u00fchrer im Ersten Weltkrieg und leitete an der Westfront eine Heeresgruppe. Herzog Albrecht hatte stets ein freundschaftliches Verh\u00e4ltnis zu K\u00f6nig Wilhelm II und dieser \u00fcbertrug ihm wichtige repr\u00e4sentative Aufgaben. Somit hatte er einen umfassenden Einblick in die politischen und milit\u00e4rischen Bereiche der Staatsf\u00fchrung. Albrecht war ein F\u00fcrst von gewinnender Liebensw\u00fcrdigkeit , bescheiden und von strenger Selbstdisziplin. Der heutige Chef des Adelshaus W\u00fcrttemberg, Herzog Carl von W\u00fcrttemberg geb. 1936, ist der Enkel von Herzog Albrecht von W\u00fcrttemberg. Herzog Carl hat seine Wohnsitze auf Schloss Altshausen und Schloss Friedrichshafen.<\/p>\r\n\r\n<img loading=\"lazy\" decoding=\"async\" class=\"alignnone size-full wp-image-3075\" src=\"https:\/\/www.gemeinde-untermarchtal.de\/bilder\/IMG_2291.jpg\" alt=\"\" width=\"760\" height=\"570\" \/>\r\n\r\n<p>Eingangsbereich und der Cafeteria\/Wohnpark Eden. Dieses Geb\u00e4ude, auch \u201eHerrenbau\u201c genannt, bewohnte mutma\u00dflich der designierte Nachfolger von dem letzten w\u00fcrttembergischen K\u00f6nig Wilhelm II, Herzog Albrecht von W\u00fcrttemberg mit seiner Familie, in den Anfangsmonaten des Jahres 1919 nach seiner Vertreibung in Stuttgart, wie im Textbericht beschrieben. Dieser Herzog Albrecht stand in Thronfolge an erster Stelle. 2 Bilder sind bereits im vorausgesendeten Text und Fotobericht enthalten. (1 Bild von K\u00f6nig Wilhelm II von W\u00fcrttemberg und 1 Bild der Familie des Herzog Albrecht von W\u00fcrttemberg).<\/p>\r\n\r\n\r\n<h4>Quellenangaben:<\/h4>\r\nPfarrchronik St. Andreas Untermarchtal, \u201eDas Haus W\u00fcrttemberg\u201c und \u201eW\u00fcrttembergische Geschichte\u201c, Schw\u00e4bische Zeitung und Ehinger Tagblatt.","protected":false},"excerpt":{"rendered":"<p>Welch ein f\u00fcr das Dorf Untermarchtal bedeutsames Ereignis spielte sich im Jahre 1919 ab. Der I. Weltkreig \u2013damals der gro\u00dfe Krieg genannt- mit seinem f\u00fcr Deutschland sehr beklagenswerten Ende, hat auch seine Spuren in Untermarchtal hinterlassen. Die Nachwirkungen von der Abdankung des damaligen K\u00f6nig Wilhelm II von W\u00fcrttemberg \u2013Regierungszeit 1891 \u2013 1918- und damit die [&hellip;]<\/p>\n","protected":false},"author":1,"featured_media":0,"parent":0,"menu_order":0,"comment_status":"closed","ping_status":"closed","template":"page-templates\/_template_historische_beitraege.php","meta":{"_acf_changed":false,"footnotes":""},"class_list":["post-3070","page","type-page","status-publish","hentry"],"acf":[],"yoast_head":"<!-- This site is optimized with the Yoast SEO plugin v26.7 - https:\/\/yoast.com\/wordpress\/plugins\/seo\/ -->\n<title>Historischer \u201eK\u00f6niglicher Aufenthalt\u201c vor 100 Jahren in Untermarchtal - Gemeinde Untermarchtal<\/title>\n<meta name=\"robots\" content=\"index, follow, max-snippet:-1, max-image-preview:large, max-video-preview:-1\" \/>\n<link rel=\"canonical\" href=\"https:\/\/www.gemeinde-untermarchtal.de\/index.php\/historischer-koeniglicher-aufenthalt-vor-100-jahren-in-untermarchtal\/\" \/>\n<meta property=\"og:locale\" content=\"de_DE\" \/>\n<meta property=\"og:type\" content=\"article\" \/>\n<meta property=\"og:title\" content=\"Historischer \u201eK\u00f6niglicher Aufenthalt\u201c vor 100 Jahren in Untermarchtal - Gemeinde Untermarchtal\" \/>\n<meta property=\"og:description\" content=\"Welch ein f\u00fcr das Dorf Untermarchtal bedeutsames Ereignis spielte sich im Jahre 1919 ab. Der I. Weltkreig \u2013damals der gro\u00dfe Krieg genannt- mit seinem f\u00fcr Deutschland sehr beklagenswerten Ende, hat auch seine Spuren in Untermarchtal hinterlassen. Die Nachwirkungen von der Abdankung des damaligen K\u00f6nig Wilhelm II von W\u00fcrttemberg \u2013Regierungszeit 1891 \u2013 1918- und damit die [&hellip;]\" \/>\n<meta property=\"og:url\" content=\"https:\/\/www.gemeinde-untermarchtal.de\/index.php\/historischer-koeniglicher-aufenthalt-vor-100-jahren-in-untermarchtal\/\" \/>\n<meta property=\"og:site_name\" content=\"Gemeinde Untermarchtal\" \/>\n<meta property=\"article:modified_time\" content=\"2019-06-13T05:21:36+00:00\" \/>\n<meta property=\"og:image\" content=\"https:\/\/www.gemeinde-untermarchtal.de\/bilder\/IMG_2251.jpg\" \/>\n<meta name=\"twitter:card\" content=\"summary_large_image\" \/>\n<meta name=\"twitter:label1\" content=\"Gesch\u00e4tzte Lesezeit\" \/>\n\t<meta name=\"twitter:data1\" content=\"5\u00a0Minuten\" \/>\n<script type=\"application\/ld+json\" class=\"yoast-schema-graph\">{\"@context\":\"https:\/\/schema.org\",\"@graph\":[{\"@type\":\"WebPage\",\"@id\":\"https:\/\/www.gemeinde-untermarchtal.de\/index.php\/historischer-koeniglicher-aufenthalt-vor-100-jahren-in-untermarchtal\/\",\"url\":\"https:\/\/www.gemeinde-untermarchtal.de\/index.php\/historischer-koeniglicher-aufenthalt-vor-100-jahren-in-untermarchtal\/\",\"name\":\"Historischer \u201eK\u00f6niglicher Aufenthalt\u201c vor 100 Jahren in Untermarchtal - Gemeinde Untermarchtal\",\"isPartOf\":{\"@id\":\"https:\/\/www.gemeinde-untermarchtal.de\/#website\"},\"primaryImageOfPage\":{\"@id\":\"https:\/\/www.gemeinde-untermarchtal.de\/index.php\/historischer-koeniglicher-aufenthalt-vor-100-jahren-in-untermarchtal\/#primaryimage\"},\"image\":{\"@id\":\"https:\/\/www.gemeinde-untermarchtal.de\/index.php\/historischer-koeniglicher-aufenthalt-vor-100-jahren-in-untermarchtal\/#primaryimage\"},\"thumbnailUrl\":\"https:\/\/www.gemeinde-untermarchtal.de\/bilder\/IMG_2251.jpg\",\"datePublished\":\"2019-06-12T13:16:12+00:00\",\"dateModified\":\"2019-06-13T05:21:36+00:00\",\"breadcrumb\":{\"@id\":\"https:\/\/www.gemeinde-untermarchtal.de\/index.php\/historischer-koeniglicher-aufenthalt-vor-100-jahren-in-untermarchtal\/#breadcrumb\"},\"inLanguage\":\"de\",\"potentialAction\":[{\"@type\":\"ReadAction\",\"target\":[\"https:\/\/www.gemeinde-untermarchtal.de\/index.php\/historischer-koeniglicher-aufenthalt-vor-100-jahren-in-untermarchtal\/\"]}]},{\"@type\":\"ImageObject\",\"inLanguage\":\"de\",\"@id\":\"https:\/\/www.gemeinde-untermarchtal.de\/index.php\/historischer-koeniglicher-aufenthalt-vor-100-jahren-in-untermarchtal\/#primaryimage\",\"url\":\"https:\/\/www.gemeinde-untermarchtal.de\/bilder\/IMG_2251.jpg\",\"contentUrl\":\"https:\/\/www.gemeinde-untermarchtal.de\/bilder\/IMG_2251.jpg\",\"width\":608,\"height\":760},{\"@type\":\"BreadcrumbList\",\"@id\":\"https:\/\/www.gemeinde-untermarchtal.de\/index.php\/historischer-koeniglicher-aufenthalt-vor-100-jahren-in-untermarchtal\/#breadcrumb\",\"itemListElement\":[{\"@type\":\"ListItem\",\"position\":1,\"name\":\"Startseite\",\"item\":\"https:\/\/www.gemeinde-untermarchtal.de\/\"},{\"@type\":\"ListItem\",\"position\":2,\"name\":\"Historischer \u201eK\u00f6niglicher Aufenthalt\u201c vor 100 Jahren in Untermarchtal\"}]},{\"@type\":\"WebSite\",\"@id\":\"https:\/\/www.gemeinde-untermarchtal.de\/#website\",\"url\":\"https:\/\/www.gemeinde-untermarchtal.de\/\",\"name\":\"Gemeinde Untermarchtal\",\"description\":\"Gemeinde Untermarchtal\",\"potentialAction\":[{\"@type\":\"SearchAction\",\"target\":{\"@type\":\"EntryPoint\",\"urlTemplate\":\"https:\/\/www.gemeinde-untermarchtal.de\/?s={search_term_string}\"},\"query-input\":{\"@type\":\"PropertyValueSpecification\",\"valueRequired\":true,\"valueName\":\"search_term_string\"}}],\"inLanguage\":\"de\"}]}<\/script>\n<!-- \/ Yoast SEO plugin. -->","yoast_head_json":{"title":"Historischer \u201eK\u00f6niglicher Aufenthalt\u201c vor 100 Jahren in Untermarchtal - Gemeinde Untermarchtal","robots":{"index":"index","follow":"follow","max-snippet":"max-snippet:-1","max-image-preview":"max-image-preview:large","max-video-preview":"max-video-preview:-1"},"canonical":"https:\/\/www.gemeinde-untermarchtal.de\/index.php\/historischer-koeniglicher-aufenthalt-vor-100-jahren-in-untermarchtal\/","og_locale":"de_DE","og_type":"article","og_title":"Historischer \u201eK\u00f6niglicher Aufenthalt\u201c vor 100 Jahren in Untermarchtal - Gemeinde Untermarchtal","og_description":"Welch ein f\u00fcr das Dorf Untermarchtal bedeutsames Ereignis spielte sich im Jahre 1919 ab. Der I. Weltkreig \u2013damals der gro\u00dfe Krieg genannt- mit seinem f\u00fcr Deutschland sehr beklagenswerten Ende, hat auch seine Spuren in Untermarchtal hinterlassen. Die Nachwirkungen von der Abdankung des damaligen K\u00f6nig Wilhelm II von W\u00fcrttemberg \u2013Regierungszeit 1891 \u2013 1918- und damit die [&hellip;]","og_url":"https:\/\/www.gemeinde-untermarchtal.de\/index.php\/historischer-koeniglicher-aufenthalt-vor-100-jahren-in-untermarchtal\/","og_site_name":"Gemeinde Untermarchtal","article_modified_time":"2019-06-13T05:21:36+00:00","og_image":[{"url":"https:\/\/www.gemeinde-untermarchtal.de\/bilder\/IMG_2251.jpg","type":"","width":"","height":""}],"twitter_card":"summary_large_image","twitter_misc":{"Gesch\u00e4tzte Lesezeit":"5\u00a0Minuten"},"schema":{"@context":"https:\/\/schema.org","@graph":[{"@type":"WebPage","@id":"https:\/\/www.gemeinde-untermarchtal.de\/index.php\/historischer-koeniglicher-aufenthalt-vor-100-jahren-in-untermarchtal\/","url":"https:\/\/www.gemeinde-untermarchtal.de\/index.php\/historischer-koeniglicher-aufenthalt-vor-100-jahren-in-untermarchtal\/","name":"Historischer \u201eK\u00f6niglicher Aufenthalt\u201c vor 100 Jahren in Untermarchtal - Gemeinde Untermarchtal","isPartOf":{"@id":"https:\/\/www.gemeinde-untermarchtal.de\/#website"},"primaryImageOfPage":{"@id":"https:\/\/www.gemeinde-untermarchtal.de\/index.php\/historischer-koeniglicher-aufenthalt-vor-100-jahren-in-untermarchtal\/#primaryimage"},"image":{"@id":"https:\/\/www.gemeinde-untermarchtal.de\/index.php\/historischer-koeniglicher-aufenthalt-vor-100-jahren-in-untermarchtal\/#primaryimage"},"thumbnailUrl":"https:\/\/www.gemeinde-untermarchtal.de\/bilder\/IMG_2251.jpg","datePublished":"2019-06-12T13:16:12+00:00","dateModified":"2019-06-13T05:21:36+00:00","breadcrumb":{"@id":"https:\/\/www.gemeinde-untermarchtal.de\/index.php\/historischer-koeniglicher-aufenthalt-vor-100-jahren-in-untermarchtal\/#breadcrumb"},"inLanguage":"de","potentialAction":[{"@type":"ReadAction","target":["https:\/\/www.gemeinde-untermarchtal.de\/index.php\/historischer-koeniglicher-aufenthalt-vor-100-jahren-in-untermarchtal\/"]}]},{"@type":"ImageObject","inLanguage":"de","@id":"https:\/\/www.gemeinde-untermarchtal.de\/index.php\/historischer-koeniglicher-aufenthalt-vor-100-jahren-in-untermarchtal\/#primaryimage","url":"https:\/\/www.gemeinde-untermarchtal.de\/bilder\/IMG_2251.jpg","contentUrl":"https:\/\/www.gemeinde-untermarchtal.de\/bilder\/IMG_2251.jpg","width":608,"height":760},{"@type":"BreadcrumbList","@id":"https:\/\/www.gemeinde-untermarchtal.de\/index.php\/historischer-koeniglicher-aufenthalt-vor-100-jahren-in-untermarchtal\/#breadcrumb","itemListElement":[{"@type":"ListItem","position":1,"name":"Startseite","item":"https:\/\/www.gemeinde-untermarchtal.de\/"},{"@type":"ListItem","position":2,"name":"Historischer \u201eK\u00f6niglicher Aufenthalt\u201c vor 100 Jahren in Untermarchtal"}]},{"@type":"WebSite","@id":"https:\/\/www.gemeinde-untermarchtal.de\/#website","url":"https:\/\/www.gemeinde-untermarchtal.de\/","name":"Gemeinde Untermarchtal","description":"Gemeinde Untermarchtal","potentialAction":[{"@type":"SearchAction","target":{"@type":"EntryPoint","urlTemplate":"https:\/\/www.gemeinde-untermarchtal.de\/?s={search_term_string}"},"query-input":{"@type":"PropertyValueSpecification","valueRequired":true,"valueName":"search_term_string"}}],"inLanguage":"de"}]}},"_links":{"self":[{"href":"https:\/\/www.gemeinde-untermarchtal.de\/index.php\/wp-json\/wp\/v2\/pages\/3070","targetHints":{"allow":["GET"]}}],"collection":[{"href":"https:\/\/www.gemeinde-untermarchtal.de\/index.php\/wp-json\/wp\/v2\/pages"}],"about":[{"href":"https:\/\/www.gemeinde-untermarchtal.de\/index.php\/wp-json\/wp\/v2\/types\/page"}],"author":[{"embeddable":true,"href":"https:\/\/www.gemeinde-untermarchtal.de\/index.php\/wp-json\/wp\/v2\/users\/1"}],"replies":[{"embeddable":true,"href":"https:\/\/www.gemeinde-untermarchtal.de\/index.php\/wp-json\/wp\/v2\/comments?post=3070"}],"version-history":[{"count":21,"href":"https:\/\/www.gemeinde-untermarchtal.de\/index.php\/wp-json\/wp\/v2\/pages\/3070\/revisions"}],"predecessor-version":[{"id":3105,"href":"https:\/\/www.gemeinde-untermarchtal.de\/index.php\/wp-json\/wp\/v2\/pages\/3070\/revisions\/3105"}],"wp:attachment":[{"href":"https:\/\/www.gemeinde-untermarchtal.de\/index.php\/wp-json\/wp\/v2\/media?parent=3070"}],"curies":[{"name":"wp","href":"https:\/\/api.w.org\/{rel}","templated":true}]}}